{"id":22179,"date":"2025-02-27T16:37:54","date_gmt":"2025-02-27T15:37:54","guid":{"rendered":"https:\/\/www.scheer-group.com\/de\/?page_id=22179"},"modified":"2025-10-09T14:58:01","modified_gmt":"2025-10-09T12:58:01","slug":"podcast","status":"publish","type":"page","link":"https:\/\/www.scheer-group.com\/de\/podcast\/","title":{"rendered":"Podcasts"},"content":{"rendered":"<div id=\"pl-22179\"  class=\"panel-layout\" ><div id=\"pg-22179-0\"  class=\"panel-grid panel-no-style\"  style=\"--mobile-padding:;\" ><div id=\"pgc-22179-0-0\"  class=\"panel-grid-cell panel-grid-cell-empty\" ><\/div><div id=\"pgc-22179-0-1\"  class=\"panel-grid-cell\" ><div id=\"panel-22179-0-1-0\" class=\"so-panel widget widget_zrm-up-copy panel-first-child panel-last-child\" data-index=\"0\" ><div\n\t\t\t\n\t\t\tclass=\"so-widget-zrm-up-copy so-widget-zrm-up-copy-default-d75171398898-22179\"\n\t\t\t\n\t\t>\n    <div class=\"widget widget--update widget--copy_update widget--show\" style=\"--margins-desktop:0px 0px 120px 0px;--margins-mobile:0px 0px 60px 0px;\">\n        <div class=\"copy text_large_update\"><\/div>\n    <\/div>\n\n<\/div><\/div><\/div><div id=\"pgc-22179-0-2\"  class=\"panel-grid-cell panel-grid-cell-empty panel-grid-cell-mobile-last\" ><\/div><div id=\"pgc-22179-0-3\"  class=\"panel-grid-cell panel-grid-cell-empty\" ><\/div><\/div><div id=\"pg-22179-1\"  class=\"panel-grid panel-no-style\"  style=\"--mobile-padding:;\" ><div id=\"pgc-22179-1-0\"  class=\"panel-grid-cell panel-grid-cell-empty\" ><\/div><div id=\"pgc-22179-1-1\"  class=\"panel-grid-cell\" ><div id=\"panel-22179-1-1-0\" class=\"so-panel widget widget_zrm-up-headline panel-first-child panel-last-child\" data-index=\"1\" ><div\n\t\t\t\n\t\t\tclass=\"so-widget-zrm-up-headline so-widget-zrm-up-headline-default-d75171398898-22179\"\n\t\t\t\n\t\t>\n<div class=\"widget widget--update widget--headline_update widget--show\" style=\"--margins-desktop:0px 0px 40px 0px;--margins-mobile:0px 0px 40px 0px;\">\n    <h1 class=\"h1_update\">Podcasts der Scheer Gruppe: <br \/>Expertenwissen zu Branchentrends und Innovationen<\/h1><\/div>\n\n<\/div><\/div><\/div><div id=\"pgc-22179-1-2\"  class=\"panel-grid-cell panel-grid-cell-empty panel-grid-cell-mobile-last\" ><\/div><div id=\"pgc-22179-1-3\"  class=\"panel-grid-cell panel-grid-cell-empty\" ><\/div><\/div><div id=\"pg-22179-2\"  class=\"panel-grid panel-no-style\"  style=\"--mobile-padding:;\" ><div id=\"pgc-22179-2-0\"  class=\"panel-grid-cell panel-grid-cell-empty\" ><\/div><div id=\"pgc-22179-2-1\"  class=\"panel-grid-cell\" ><div id=\"panel-22179-2-1-0\" class=\"so-panel widget widget_zrm-up-copy panel-first-child panel-last-child\" data-index=\"2\" ><div\n\t\t\t\n\t\t\tclass=\"so-widget-zrm-up-copy so-widget-zrm-up-copy-default-d75171398898-22179\"\n\t\t\t\n\t\t>\n    <div class=\"widget widget--update widget--copy_update widget--show\" style=\"--margins-desktop:0px 0px 120px 0px;--margins-mobile:0px 0px 60px 0px;\">\n        <div class=\"copy text_large_update\"><p><span class=\"TextRun SCXW162462544 BCX8\" lang=\"DE-DE\" xml:lang=\"DE-DE\" data-contrast=\"none\"><span class=\"NormalTextRun SCXW162462544 BCX8\">Erhalten Sie mit den Podcasts der Scheer Gruppe Experteneinblicke in Branchentrends, Innovationen und zentrale Themen. Bleiben Sie mit den <\/span><span class=\"NormalTextRun SCXW162462544 BCX8\">aktuellsten<\/span><span class=\"NormalTextRun SCXW162462544 BCX8\"> Diskussionen und Analysen auf dem Laufenden.<\/span><\/span><span class=\"EOP SCXW162462544 BCX8\" data-ccp-props=\"{}\">\u00a0<\/span><\/p>\n<\/div>\n    <\/div>\n\n<\/div><\/div><\/div><div id=\"pgc-22179-2-2\"  class=\"panel-grid-cell panel-grid-cell-empty panel-grid-cell-mobile-last\" ><\/div><div id=\"pgc-22179-2-3\"  class=\"panel-grid-cell panel-grid-cell-empty\" ><\/div><\/div><div id=\"pg-22179-3\"  class=\"panel-grid panel-no-style\"  style=\"--mobile-padding:;\" ><div id=\"pgc-22179-3-0\"  class=\"panel-grid-cell panel-grid-cell-empty\" ><\/div><div id=\"pgc-22179-3-1\"  class=\"panel-grid-cell panel-grid-cell-mobile-last\" ><div id=\"panel-22179-3-1-0\" class=\"so-panel widget widget_zrm-paragraph panel-first-child\" data-index=\"3\" ><div\n\t\t\t\n\t\t\tclass=\"so-widget-zrm-paragraph so-widget-zrm-paragraph-default-d75171398898-22179\"\n\t\t\t\n\t\t><div class=\"widget widget--paragraph  paragraph-alignment--center noshadow imgleft widget--show lg\">\n\t\t\t<div class=\"paragraph__image\">\n\t\t\t<img decoding=\"async\" width=\"1600\" height=\"900\" src=\"https:\/\/www.scheer-group.com\/de\/wp-content\/uploads\/sites\/8\/2025\/10\/2025-09-Header-Group-reinvented.jpg\" class=\"attachment-full size-full\" alt=\"re:invented mit Gast und Moderatorin im Hintergrund\" srcset=\"https:\/\/www.scheer-group.com\/de\/wp-content\/uploads\/sites\/8\/2025\/10\/2025-09-Header-Group-reinvented.jpg 1600w, https:\/\/www.scheer-group.com\/de\/wp-content\/uploads\/sites\/8\/2025\/10\/2025-09-Header-Group-reinvented-300x169.jpg 300w, https:\/\/www.scheer-group.com\/de\/wp-content\/uploads\/sites\/8\/2025\/10\/2025-09-Header-Group-reinvented-1024x576.jpg 1024w, https:\/\/www.scheer-group.com\/de\/wp-content\/uploads\/sites\/8\/2025\/10\/2025-09-Header-Group-reinvented-768x432.jpg 768w, https:\/\/www.scheer-group.com\/de\/wp-content\/uploads\/sites\/8\/2025\/10\/2025-09-Header-Group-reinvented-1536x864.jpg 1536w\" sizes=\"(max-width: 1600px) 100vw, 1600px\" \/>\t\t<\/div>\n\t\t<div class=\"paragraph__content\">\n\t\t<div class=\"paragraph__wrapper\">\n\t\t\t<h4 class=\"paragraph__headline h3\">re:invented: Der Podcast f\u00fcr Prozesse, Cloud, Transformation \u2013 verst\u00e4ndlich, relevant, praxisnah.<\/h4>\n\t\t\t<div class=\"paragraph__copy\"><p><span data-teams=\"true\">re:invented ist der Scheer IDS Business Podcast f\u00fcr alle, die den Wandel aktiv gestalten. In unseren Podcast-Folgen sprechen wir mit Experten, Partnern und Vordenkern und geben Orientierung, teilen Erfahrungen und zeigen, wie die digitale Transformation wirklich gelingen kann \u2013 fundiert und praxisnah.<\/span><\/p>\n<\/div>\n\t\t\t\t\t\t\t\t\t<div class=\"paragraph__cta\">\n\t\t\t\t\t\t\t\t\t\t\t\t\t\t\t\t\t\t<a class=\"button button--red button--normal button--solid\" target=\"_blank\" title=\"Jetzt anh\u00f6ren\" href=\"https:\/\/www.scheer-ids.com\/de\/knowledge-corner\/business-podcast-prozesse-cloud-transformation\">\n\t\t\t\t<span class=\"bold\">Jetzt anh\u00f6ren<\/span>\n\t\t\t<\/a>\n\t\t\t\t\t\t<\/div>\n\t\t\t\t\t<\/div>\n\t<\/div>\n<\/div>\n<\/div><\/div><div id=\"panel-22179-3-1-1\" class=\"so-panel widget widget_zrm-paragraph\" data-index=\"4\" ><div\n\t\t\t\n\t\t\tclass=\"so-widget-zrm-paragraph so-widget-zrm-paragraph-default-d75171398898-22179\"\n\t\t\t\n\t\t><div class=\"widget widget--paragraph  paragraph-alignment--center noshadow imgleft widget--show lg\">\n\t\t\t<div class=\"paragraph__image\">\n\t\t\t<img decoding=\"async\" width=\"1600\" height=\"900\" src=\"https:\/\/www.scheer-group.com\/de\/wp-content\/uploads\/sites\/8\/2025\/02\/imc-podcast-learning-curve-with-kenny-001.jpg\" class=\"attachment-full size-full\" alt=\"\" srcset=\"https:\/\/www.scheer-group.com\/de\/wp-content\/uploads\/sites\/8\/2025\/02\/imc-podcast-learning-curve-with-kenny-001.jpg 1600w, https:\/\/www.scheer-group.com\/de\/wp-content\/uploads\/sites\/8\/2025\/02\/imc-podcast-learning-curve-with-kenny-001-300x169.jpg 300w, https:\/\/www.scheer-group.com\/de\/wp-content\/uploads\/sites\/8\/2025\/02\/imc-podcast-learning-curve-with-kenny-001-1024x576.jpg 1024w, https:\/\/www.scheer-group.com\/de\/wp-content\/uploads\/sites\/8\/2025\/02\/imc-podcast-learning-curve-with-kenny-001-768x432.jpg 768w, https:\/\/www.scheer-group.com\/de\/wp-content\/uploads\/sites\/8\/2025\/02\/imc-podcast-learning-curve-with-kenny-001-1536x864.jpg 1536w\" sizes=\"(max-width: 1600px) 100vw, 1600px\" \/>\t\t<\/div>\n\t\t<div class=\"paragraph__content\">\n\t\t<div class=\"paragraph__wrapper\">\n\t\t\t<h4 class=\"paragraph__headline h3\">The Learning Curve with Kenny: Die neuesten Trends aus dem Corporate Learning    <\/h4>\n\t\t\t<div class=\"paragraph__copy\"><p><span class=\"TextRun SCXW21166741 BCX8\" lang=\"DE-DE\" xml:lang=\"DE-DE\" data-contrast=\"auto\"><span class=\"NormalTextRun SCXW21166741 BCX8\">H\u00f6ren Sie The Learning <\/span><span class=\"NormalTextRun SpellingErrorV2Themed SCXW21166741 BCX8\">Curve<\/span> <span class=\"NormalTextRun SpellingErrorV2Themed SCXW21166741 BCX8\">with<\/span><span class=\"NormalTextRun SCXW21166741 BCX8\"> Kenny, einen Podcast mit Kenneth <\/span><span class=\"NormalTextRun SpellingErrorV2Themed SCXW21166741 BCX8\">Littlepage<\/span><span class=\"NormalTextRun SCXW21166741 BCX8\"> von Scheer IMC, der Experteninterviews \u00fcber die Zukunft des <\/span><span class=\"NormalTextRun SCXW21166741 BCX8\">Corporate Learning<\/span><span class=\"NormalTextRun SCXW21166741 BCX8\"> bietet. Freuen Sie sich auf neue Erkenntnisse von HR-F\u00fchrungskr\u00e4ften und Branchenvorreitern in 30- bis 60-min\u00fctigen Episoden <\/span><\/span><span class=\"TextRun SCXW21166741 BCX8\" lang=\"EN-GB\" xml:lang=\"EN-GB\" data-contrast=\"none\"><span class=\"NormalTextRun SCXW21166741 BCX8\">\u2014<\/span><\/span><span class=\"TextRun SCXW21166741 BCX8\" lang=\"DE-DE\" xml:lang=\"DE-DE\" data-contrast=\"auto\"><span class=\"NormalTextRun SCXW21166741 BCX8\"> perfekt f\u00fcr unterwegs oder Ihre Pause!<\/span><\/span><span class=\"EOP SCXW21166741 BCX8\" data-ccp-props=\"{}\">\u00a0<\/span><\/p>\n<\/div>\n\t\t\t\t\t\t\t\t\t<div class=\"paragraph__cta\">\n\t\t\t\t\t\t\t\t\t\t\t\t\t\t\t\t\t\t<a class=\"button button--red button--normal button--solid\" target=\"_blank\" title=\"Jetzt anh\u00f6ren\" href=\"https:\/\/www.im-c.com\/elearning-podcast\/\">\n\t\t\t\t<span class=\"bold\">Jetzt anh\u00f6ren<\/span>\n\t\t\t<\/a>\n\t\t\t\t\t\t<\/div>\n\t\t\t\t\t<\/div>\n\t<\/div>\n<\/div>\n<\/div><\/div><div id=\"panel-22179-3-1-2\" class=\"so-panel widget widget_zrm-paragraph panel-last-child\" data-index=\"5\" ><div\n\t\t\t\n\t\t\tclass=\"so-widget-zrm-paragraph so-widget-zrm-paragraph-default-d75171398898-22179\"\n\t\t\t\n\t\t><div class=\"widget widget--paragraph  paragraph-alignment--center noshadow imgleft widget--show xl\">\n\t\t\t<div class=\"paragraph__image\">\n\t\t\t<img decoding=\"async\" width=\"3333\" height=\"1875\" src=\"https:\/\/www.scheer-group.com\/de\/wp-content\/uploads\/sites\/8\/2024\/09\/eLearningINC_Hero.jpg\" class=\"attachment-full size-full\" alt=\"\" \/>\t\t<\/div>\n\t\t<div class=\"paragraph__content\">\n\t\t<div class=\"paragraph__wrapper\">\n\t\t\t<h4 class=\"paragraph__headline h3\">elearning INC.: Insights von Top-L&amp;D-Experten<\/h4>\n\t\t\t<div class=\"paragraph__copy\"><p><span class=\"TextRun SCXW43036511 BCX8\" lang=\"DE-DE\" xml:lang=\"DE-DE\" data-contrast=\"auto\"><span class=\"NormalTextRun SCXW43036511 BCX8\">Schalten Sie ein bei <\/span><span class=\"NormalTextRun SpellingErrorV2Themed SCXW43036511 BCX8\">elearning<\/span><span class=\"NormalTextRun SCXW43036511 BCX8\"> INC., dem deutschen Podcast, in dem L&amp;D-Experten Einblicke in digitales Lernen, Trends in der betrieblichen Weiterbildung und Erfolgsstrategien geben. Entdecken Sie jeden Monat, wie Top-Unternehmen das Lernen am Arbeitsplatz innovativ gestalten.<\/span><\/span><span class=\"EOP SCXW43036511 BCX8\" data-ccp-props=\"{}\">\u00a0<\/span><\/p>\n<\/div>\n\t\t\t\t\t\t\t\t\t<div class=\"paragraph__cta\">\n\t\t\t\t\t\t\t\t\t\t\t\t\t\t\t\t\t\t<a class=\"button button--red button--normal button--solid\" target=\"_blank\" title=\"Jetzt anh\u00f6ren\" href=\"https:\/\/www.im-c.com\/de\/elearning-podcast\/\">\n\t\t\t\t<span class=\"bold\">Jetzt anh\u00f6ren<\/span>\n\t\t\t<\/a>\n\t\t\t\t\t\t<\/div>\n\t\t\t\t\t<\/div>\n\t<\/div>\n<\/div>\n<\/div><\/div><\/div><div id=\"pgc-22179-3-2\"  class=\"panel-grid-cell panel-grid-cell-empty\" ><\/div><\/div><div id=\"pg-22179-4\"  class=\"panel-grid panel-no-style\"  style=\"--mobile-padding:;\" ><div id=\"pgc-22179-4-0\"  class=\"panel-grid-cell panel-grid-cell-empty\" ><\/div><\/div><div id=\"pg-22179-5\"  class=\"panel-grid panel-no-style\"  style=\"--mobile-padding:;\" ><div id=\"pgc-22179-5-0\"  class=\"panel-grid-cell\" ><div id=\"panel-22179-5-0-0\" class=\"so-panel widget widget_zrm-up-banner panel-first-child panel-last-child\" data-index=\"6\" ><div\n\t\t\t\n\t\t\tclass=\"so-widget-zrm-up-banner so-widget-zrm-up-banner-default-d75171398898-22179\"\n\t\t\t\n\t\t>\n    <div class=\"widget widget--update widget--banner_update widget--show\" style=\"--margins-desktop:0px 0px 120px 0px;--margins-mobile:0px 0px 60px 0px;--paddings-desktop:0px 0px 0px 0px;--paddings-mobile:0px 0px 0px 0px;\">\n        <div class=\"banner\" data-column_orientation=\"image-content\" style=\"--banner-color-background: #000000\">\n            <div class=\"banner__media banner__media--blend\">\n                <img decoding=\"async\" width=\"1600\" height=\"900\" src=\"https:\/\/www.scheer-group.com\/de\/wp-content\/uploads\/sites\/8\/2025\/02\/Scheer_Image-1600x900_21.jpg\" class=\"banner__image stretch\" alt=\"\" srcset=\"https:\/\/www.scheer-group.com\/de\/wp-content\/uploads\/sites\/8\/2025\/02\/Scheer_Image-1600x900_21.jpg 1600w, https:\/\/www.scheer-group.com\/de\/wp-content\/uploads\/sites\/8\/2025\/02\/Scheer_Image-1600x900_21-300x169.jpg 300w, https:\/\/www.scheer-group.com\/de\/wp-content\/uploads\/sites\/8\/2025\/02\/Scheer_Image-1600x900_21-1024x576.jpg 1024w, https:\/\/www.scheer-group.com\/de\/wp-content\/uploads\/sites\/8\/2025\/02\/Scheer_Image-1600x900_21-768x432.jpg 768w, https:\/\/www.scheer-group.com\/de\/wp-content\/uploads\/sites\/8\/2025\/02\/Scheer_Image-1600x900_21-1536x864.jpg 1536w\" sizes=\"(max-width: 1600px) 100vw, 1600px\" \/>            <\/div>\n            <div class=\"banner__content\" style=\"--banner-padding-desktop: 48px 48px 48px 48px; --banner-padding-mobile: ; --banner-color-text: #f2f2f2\">\n                <div class=\"banner__text\">\n                    <div class=\"banner__headline bold h3_update\">Join the #TeamScheer Conversation<\/div>\n                    <div class=\"banner__copy bold text_small_update\">Bleiben Sie mit uns in Verbindung und tauschen Sie sich mit der Scheer Gruppe auf LinkedIn und Instagram aus. Werden Sie Teil unserer dynamischen Social Media Community, um die neuesten Trends zu entdecken, zu teilen und zu diskutieren.<\/div>\n                <\/div>\n                                    <div class=\"banner__buttons\">\n                                                                                                                <a href=\"https:\/\/www.linkedin.com\/company\/scheer-gruppe\/about\/\" title=\"Let\u00b4s connect\" target=\"_blank\" class=\"button button--update button--red button--normal button--solid\">\n                                    Let\u00b4s connect                                <\/a>\n                                                                        <\/div>\n                            <\/div>\n        <\/div>\n    <\/div>\n\n<\/div><\/div><\/div><\/div><div id=\"pg-22179-6\"  class=\"panel-grid panel-no-style\"  style=\"--mobile-padding:;\" ><div id=\"pgc-22179-6-0\"  class=\"panel-grid-cell panel-grid-cell-empty\" ><\/div><\/div><\/div>","protected":false},"excerpt":{"rendered":"<p>Podcasts der Scheer Gruppe: Expertenwissen zu Branchentrends und Innovationen Erhalten Sie mit den Podcasts der Scheer Gruppe Experteneinblicke in Branchentrends, Innovationen und zentrale Themen. Bleiben Sie mit den aktuellsten Diskussionen und Analysen auf dem Laufenden.\u00a0 re:invented: Der Podcast f\u00fcr Prozesse, Cloud, Transformation \u2013 verst\u00e4ndlich, relevant, praxisnah. re:invented ist der Scheer IDS Business Podcast f\u00fcr alle, [&hellip;]<\/p>\n","protected":false},"author":68,"featured_media":22316,"parent":0,"menu_order":0,"comment_status":"closed","ping_status":"closed","template":"","meta":{"_acf_changed":false,"content-type":"","footnotes":""},"class_list":["post-22179","page","type-page","status-publish","has-post-thumbnail","hentry"],"acf":[],"yoast_head":"<!-- This site is optimized with the Yoast SEO plugin v23.1 - https:\/\/yoast.com\/wordpress\/plugins\/seo\/ -->\n<title>Die Podcasts der Scheer Gruppe<\/title>\n<meta name=\"description\" content=\"Erhalten Sie mit den Podcasts der Scheer Gruppe Experteneinblicke in Branchentrends, Innovationen und zentrale Themen und bleiben Sie auf dem Laufenden.\" \/>\n<meta name=\"robots\" content=\"index, follow, max-snippet:-1, max-image-preview:large, max-video-preview:-1\" \/>\n<link rel=\"canonical\" href=\"https:\/\/www.scheer-group.com\/de\/podcast\/\" \/>\n<meta property=\"og:locale\" content=\"de_DE\" \/>\n<meta property=\"og:type\" content=\"article\" \/>\n<meta property=\"og:title\" content=\"Die Podcasts der Scheer Gruppe\" \/>\n<meta property=\"og:description\" content=\"Erhalten Sie mit den Podcasts der Scheer Gruppe Experteneinblicke in Branchentrends, Innovationen und zentrale Themen und bleiben Sie auf dem Laufenden.\" \/>\n<meta property=\"og:url\" content=\"https:\/\/www.scheer-group.com\/de\/podcast\/\" \/>\n<meta property=\"og:site_name\" content=\"Scheer Gruppe\" \/>\n<meta property=\"article:publisher\" content=\"https:\/\/www.facebook.com\/imcLearning\" \/>\n<meta property=\"article:modified_time\" content=\"2025-10-09T12:58:01+00:00\" \/>\n<meta property=\"og:image\" content=\"https:\/\/www.scheer-group.com\/de\/wp-content\/uploads\/sites\/8\/2025\/02\/Scheer_Image-1600x900_22.jpg\" \/>\n\t<meta property=\"og:image:width\" content=\"1600\" \/>\n\t<meta property=\"og:image:height\" content=\"900\" \/>\n\t<meta property=\"og:image:type\" content=\"image\/jpeg\" \/>\n<meta name=\"twitter:card\" content=\"summary_large_image\" \/>\n<meta name=\"twitter:site\" content=\"@imc_learning\" \/>\n<meta name=\"twitter:label1\" content=\"Gesch\u00e4tzte Lesezeit\" \/>\n\t<meta name=\"twitter:data1\" content=\"3\u00a0Minuten\" \/>\n<script type=\"application\/ld+json\" class=\"yoast-schema-graph\">{\"@context\":\"https:\/\/schema.org\",\"@graph\":[{\"@type\":\"WebPage\",\"@id\":\"https:\/\/www.scheer-group.com\/de\/podcast\/\",\"url\":\"https:\/\/www.scheer-group.com\/de\/podcast\/\",\"name\":\"Die Podcasts der Scheer Gruppe\",\"isPartOf\":{\"@id\":\"https:\/\/www.scheer-group.com\/de\/#website\"},\"primaryImageOfPage\":{\"@id\":\"https:\/\/www.scheer-group.com\/de\/podcast\/#primaryimage\"},\"image\":{\"@id\":\"https:\/\/www.scheer-group.com\/de\/podcast\/#primaryimage\"},\"thumbnailUrl\":\"https:\/\/www.scheer-group.com\/de\/wp-content\/uploads\/sites\/8\/2025\/02\/Scheer_Image-1600x900_22.jpg\",\"datePublished\":\"2025-02-27T15:37:54+00:00\",\"dateModified\":\"2025-10-09T12:58:01+00:00\",\"description\":\"Erhalten Sie mit den Podcasts der Scheer Gruppe Experteneinblicke in Branchentrends, Innovationen und zentrale Themen und bleiben Sie auf dem Laufenden.\",\"breadcrumb\":{\"@id\":\"https:\/\/www.scheer-group.com\/de\/podcast\/#breadcrumb\"},\"inLanguage\":\"de\",\"potentialAction\":[{\"@type\":\"ReadAction\",\"target\":[\"https:\/\/www.scheer-group.com\/de\/podcast\/\"]}]},{\"@type\":\"ImageObject\",\"inLanguage\":\"de\",\"@id\":\"https:\/\/www.scheer-group.com\/de\/podcast\/#primaryimage\",\"url\":\"https:\/\/www.scheer-group.com\/de\/wp-content\/uploads\/sites\/8\/2025\/02\/Scheer_Image-1600x900_22.jpg\",\"contentUrl\":\"https:\/\/www.scheer-group.com\/de\/wp-content\/uploads\/sites\/8\/2025\/02\/Scheer_Image-1600x900_22.jpg\",\"width\":1600,\"height\":900},{\"@type\":\"BreadcrumbList\",\"@id\":\"https:\/\/www.scheer-group.com\/de\/podcast\/#breadcrumb\",\"itemListElement\":[{\"@type\":\"ListItem\",\"position\":1,\"name\":\"Startseite\",\"item\":\"https:\/\/www.scheer-group.com\/de\/\"},{\"@type\":\"ListItem\",\"position\":2,\"name\":\"Podcasts\"}]},{\"@type\":\"WebSite\",\"@id\":\"https:\/\/www.scheer-group.com\/de\/#website\",\"url\":\"https:\/\/www.scheer-group.com\/de\/\",\"name\":\"Scheer Gruppe\",\"description\":\"\",\"potentialAction\":[{\"@type\":\"SearchAction\",\"target\":{\"@type\":\"EntryPoint\",\"urlTemplate\":\"https:\/\/www.scheer-group.com\/de\/?s={search_term_string}\"},\"query-input\":\"required name=search_term_string\"}],\"inLanguage\":\"de\"}]}<\/script>\n<!-- \/ Yoast SEO plugin. -->","yoast_head_json":{"title":"Die Podcasts der Scheer Gruppe","description":"Erhalten Sie mit den Podcasts der Scheer Gruppe Experteneinblicke in Branchentrends, Innovationen und zentrale Themen und bleiben Sie auf dem Laufenden.","robots":{"index":"index","follow":"follow","max-snippet":"max-snippet:-1","max-image-preview":"max-image-preview:large","max-video-preview":"max-video-preview:-1"},"canonical":"https:\/\/www.scheer-group.com\/de\/podcast\/","og_locale":"de_DE","og_type":"article","og_title":"Die Podcasts der Scheer Gruppe","og_description":"Erhalten Sie mit den Podcasts der Scheer Gruppe Experteneinblicke in Branchentrends, Innovationen und zentrale Themen und bleiben Sie auf dem Laufenden.","og_url":"https:\/\/www.scheer-group.com\/de\/podcast\/","og_site_name":"Scheer Gruppe","article_publisher":"https:\/\/www.facebook.com\/imcLearning","article_modified_time":"2025-10-09T12:58:01+00:00","og_image":[{"width":1600,"height":900,"url":"https:\/\/www.scheer-group.com\/de\/wp-content\/uploads\/sites\/8\/2025\/02\/Scheer_Image-1600x900_22.jpg","type":"image\/jpeg"}],"twitter_card":"summary_large_image","twitter_site":"@imc_learning","twitter_misc":{"Gesch\u00e4tzte Lesezeit":"3\u00a0Minuten"},"schema":{"@context":"https:\/\/schema.org","@graph":[{"@type":"WebPage","@id":"https:\/\/www.scheer-group.com\/de\/podcast\/","url":"https:\/\/www.scheer-group.com\/de\/podcast\/","name":"Die Podcasts der Scheer Gruppe","isPartOf":{"@id":"https:\/\/www.scheer-group.com\/de\/#website"},"primaryImageOfPage":{"@id":"https:\/\/www.scheer-group.com\/de\/podcast\/#primaryimage"},"image":{"@id":"https:\/\/www.scheer-group.com\/de\/podcast\/#primaryimage"},"thumbnailUrl":"https:\/\/www.scheer-group.com\/de\/wp-content\/uploads\/sites\/8\/2025\/02\/Scheer_Image-1600x900_22.jpg","datePublished":"2025-02-27T15:37:54+00:00","dateModified":"2025-10-09T12:58:01+00:00","description":"Erhalten Sie mit den Podcasts der Scheer Gruppe Experteneinblicke in Branchentrends, Innovationen und zentrale Themen und bleiben Sie auf dem Laufenden.","breadcrumb":{"@id":"https:\/\/www.scheer-group.com\/de\/podcast\/#breadcrumb"},"inLanguage":"de","potentialAction":[{"@type":"ReadAction","target":["https:\/\/www.scheer-group.com\/de\/podcast\/"]}]},{"@type":"ImageObject","inLanguage":"de","@id":"https:\/\/www.scheer-group.com\/de\/podcast\/#primaryimage","url":"https:\/\/www.scheer-group.com\/de\/wp-content\/uploads\/sites\/8\/2025\/02\/Scheer_Image-1600x900_22.jpg","contentUrl":"https:\/\/www.scheer-group.com\/de\/wp-content\/uploads\/sites\/8\/2025\/02\/Scheer_Image-1600x900_22.jpg","width":1600,"height":900},{"@type":"BreadcrumbList","@id":"https:\/\/www.scheer-group.com\/de\/podcast\/#breadcrumb","itemListElement":[{"@type":"ListItem","position":1,"name":"Startseite","item":"https:\/\/www.scheer-group.com\/de\/"},{"@type":"ListItem","position":2,"name":"Podcasts"}]},{"@type":"WebSite","@id":"https:\/\/www.scheer-group.com\/de\/#website","url":"https:\/\/www.scheer-group.com\/de\/","name":"Scheer Gruppe","description":"","potentialAction":[{"@type":"SearchAction","target":{"@type":"EntryPoint","urlTemplate":"https:\/\/www.scheer-group.com\/de\/?s={search_term_string}"},"query-input":"required name=search_term_string"}],"inLanguage":"de"}]}},"_links":{"self":[{"href":"https:\/\/www.scheer-group.com\/de\/wp-json\/wp\/v2\/pages\/22179"}],"collection":[{"href":"https:\/\/www.scheer-group.com\/de\/wp-json\/wp\/v2\/pages"}],"about":[{"href":"https:\/\/www.scheer-group.com\/de\/wp-json\/wp\/v2\/types\/page"}],"author":[{"embeddable":true,"href":"https:\/\/www.scheer-group.com\/de\/wp-json\/wp\/v2\/users\/68"}],"replies":[{"embeddable":true,"href":"https:\/\/www.scheer-group.com\/de\/wp-json\/wp\/v2\/comments?post=22179"}],"version-history":[{"count":9,"href":"https:\/\/www.scheer-group.com\/de\/wp-json\/wp\/v2\/pages\/22179\/revisions"}],"predecessor-version":[{"id":23401,"href":"https:\/\/www.scheer-group.com\/de\/wp-json\/wp\/v2\/pages\/22179\/revisions\/23401"}],"wp:featuredmedia":[{"embeddable":true,"href":"https:\/\/www.scheer-group.com\/de\/wp-json\/wp\/v2\/media\/22316"}],"wp:attachment":[{"href":"https:\/\/www.scheer-group.com\/de\/wp-json\/wp\/v2\/media?parent=22179"}],"curies":[{"name":"wp","href":"https:\/\/api.w.org\/{rel}","templated":true}]}}